{"id":31411,"date":"2023-12-13T09:43:02","date_gmt":"2023-12-13T08:43:02","guid":{"rendered":"https:\/\/final6.ch\/evenements\/cours-prive-pour-vtt\/"},"modified":"2023-12-13T09:43:02","modified_gmt":"2023-12-13T08:43:02","slug":"cours-prive-pour-vtt","status":"publish","type":"mec-events","link":"https:\/\/final6.ch\/fr\/evenements\/cours-prive-pour-vtt\/","title":{"rendered":"Cours priv\u00e9 pour VTT"},"content":{"rendered":"<p>          <strong>Lib\u00e9rez votre ma\u00eetrise de VTT du VTT: \u00e9levez vos comp\u00e9tences avec le cours priv\u00e9 pour VTT personnalis\u00e9.<\/strong><\/p>\n<p>          <strong>Embarquez dans un voyage exaltant vers l&rsquo;excellence du VTT avec notre entra\u00eeneur de v\u00e9lo de montagne priv\u00e9 exclusif.<\/strong><\/p>\n<p>          <strong>Capp\u00e9s \u00e0 des coureurs de tous niveaux, des d\u00e9butants qui recherchent la confiance sur les sentiers \u00e0 des amateurs chevronn\u00e9s visant \u00e0 conqu\u00e9rir des terrains difficiles, nos entra\u00eeneurs experts se consacrent \u00e0 affiner votre technique, \u00e0 stimuler votre confiance et \u00e0 garantir que chaque trajet est une aventure \u00e0 retenir.<\/strong><\/p>\n<p>          <strong>Taux horaire: CHF100 <\/strong><\/p>\n<p>          <strong>Emplacement: Region of Swiss Romande<\/strong><\/p>\n<p>          <strong>Liste des kit: MTB appropri\u00e9 en bon \u00e9tat de fonctionnement. Un casque de v\u00e9lo moderne bien ajust\u00e9 en bon \u00e9tat et des gants \u00e0 doigts pleins. Veuillez apporter des collations et au moins un litre d&rsquo;eau. Veuillez porter des v\u00eatements adapt\u00e9s aux conditions des jours<\/strong><\/p>\n","protected":false},"excerpt":{"rendered":"<p>Lib\u00e9rez votre ma\u00eetrise de VTT du VTT: \u00e9levez vos comp\u00e9tences avec le cours priv\u00e9 pour VTT personnalis\u00e9. Embarquez dans un voyage exaltant vers l&rsquo;excellence du VTT avec notre entra\u00eeneur de v\u00e9lo de montagne priv\u00e9 exclusif. Capp\u00e9s \u00e0 des coureurs de tous niveaux, des d\u00e9butants qui recherchent la confiance sur les sentiers \u00e0 des amateurs chevronn\u00e9s [&hellip;]<\/p>\n","protected":false},"author":1,"featured_media":31118,"comment_status":"open","ping_status":"closed","template":"","tags":[169],"mec_category":[153,170],"class_list":["post-31411","mec-events","type-mec-events","status-publish","has-post-thumbnail","hentry","tag-private-tuition-fr","mec_category-inscription-fr","mec_category-no-date-fr"],"acf":[],"_links":{"self":[{"href":"https:\/\/final6.ch\/fr\/wp-json\/wp\/v2\/mec-events\/31411","targetHints":{"allow":["GET"]}}],"collection":[{"href":"https:\/\/final6.ch\/fr\/wp-json\/wp\/v2\/mec-events"}],"about":[{"href":"https:\/\/final6.ch\/fr\/wp-json\/wp\/v2\/types\/mec-events"}],"author":[{"embeddable":true,"href":"https:\/\/final6.ch\/fr\/wp-json\/wp\/v2\/users\/1"}],"replies":[{"embeddable":true,"href":"https:\/\/final6.ch\/fr\/wp-json\/wp\/v2\/comments?post=31411"}],"wp:featuredmedia":[{"embeddable":true,"href":"https:\/\/final6.ch\/fr\/wp-json\/wp\/v2\/media\/31118"}],"wp:attachment":[{"href":"https:\/\/final6.ch\/fr\/wp-json\/wp\/v2\/media?parent=31411"}],"wp:term":[{"taxonomy":"post_tag","embeddable":true,"href":"https:\/\/final6.ch\/fr\/wp-json\/wp\/v2\/tags?post=31411"},{"taxonomy":"mec_category","embeddable":true,"href":"https:\/\/final6.ch\/fr\/wp-json\/wp\/v2\/mec_category?post=31411"}],"curies":[{"name":"wp","href":"https:\/\/api.w.org\/{rel}","templated":true}]}}